{"id":91,"date":"2023-03-09T21:19:45","date_gmt":"2023-03-09T20:19:45","guid":{"rendered":"http:\/\/www.bezirksverband-wipperfuerth.de\/?page_id=91"},"modified":"2023-04-01T20:51:00","modified_gmt":"2023-04-01T18:51:00","slug":"termine","status":"publish","type":"page","link":"http:\/\/www.bezirksverband-wipperfuerth.de\/?page_id=91","title":{"rendered":"Termine"},"content":{"rendered":"\r\n<h4>Termine<\/h4>\r\n<p>&nbsp;<\/p>\r\n\n<table id=\"tablepress-6\" class=\"tablepress tablepress-id-6\">\n<thead>\n<tr class=\"row-1\">\n\t<th class=\"column-1\">Datum<\/th><th class=\"column-2\">Uhrzeit<\/th><th class=\"column-3\">Veranstaltung<\/th><th class=\"column-4\">Ort<\/th>\n<\/tr>\n<\/thead>\n<tbody class=\"row-striping row-hover\">\n<tr class=\"row-2\">\n\t<td class=\"column-1\"><strong>Januar<\/strong><\/td><td class=\"column-2\"><\/td><td class=\"column-3\"><\/td><td class=\"column-4\"><\/td>\n<\/tr>\n<tr class=\"row-3\">\n\t<td class=\"column-1\">27.01.2026<\/td><td class=\"column-2\">19:30<\/td><td class=\"column-3\">Jahreshauptversammlung Bezirk<\/td><td class=\"column-4\">Wipperfeld<\/td>\n<\/tr>\n<tr class=\"row-4\">\n\t<td class=\"column-1\"><strong>Februar<\/strong><\/td><td class=\"column-2\"><\/td><td class=\"column-3\"><\/td><td class=\"column-4\"><\/td>\n<\/tr>\n<tr class=\"row-5\">\n\t<td class=\"column-1\">08.02.2026<\/td><td class=\"column-2\">\u00a0<\/td><td class=\"column-3\">Anmeldeschluss LG Bezirksmeisterschaft<\/td><td class=\"column-4\">\u00a0<\/td>\n<\/tr>\n<tr class=\"row-6\">\n\t<td class=\"column-1\">20. - 21.02.26<\/td><td class=\"column-2\">\u00a0<\/td><td class=\"column-3\">LG Bezirksmeisterschaft<\/td><td class=\"column-4\">Schie\u00dfstand Wipperfeld<\/td>\n<\/tr>\n<tr class=\"row-7\">\n\t<td class=\"column-1\"><strong>M\u00e4rz<\/strong><\/td><td class=\"column-2\"><\/td><td class=\"column-3\"><\/td><td class=\"column-4\"><\/td>\n<\/tr>\n<tr class=\"row-8\">\n\t<td class=\"column-1\">29.03.2026<\/td><td class=\"column-2\">\u00a0<\/td><td class=\"column-3\">Anmeldeschluss Bezirksschie\u00dfen<\/td><td class=\"column-4\">\u00a0<\/td>\n<\/tr>\n<tr class=\"row-9\">\n\t<td class=\"column-1\"><strong>April<\/strong><\/td><td class=\"column-2\"><\/td><td class=\"column-3\"><\/td><td class=\"column-4\"><\/td>\n<\/tr>\n<tr class=\"row-10\">\n\t<td class=\"column-1\">17.04.2026<\/td><td class=\"column-2\"><\/td><td class=\"column-3\">Abgabe Meldebogen aus eVewa f\u00fcr das Bezirksmajest\u00e4tenschie\u00dfen<\/td><td class=\"column-4\"><\/td>\n<\/tr>\n<tr class=\"row-11\">\n\t<td class=\"column-1\">17.04.2026<\/td><td class=\"column-2\">17:00-21:00<\/td><td class=\"column-3\">Bezirksschie\u00dfen<\/td><td class=\"column-4\">Schie\u00dfstand Frielingsdorf<\/td>\n<\/tr>\n<tr class=\"row-12\">\n\t<td class=\"column-1\">18.04.2026<\/td><td class=\"column-2\">10:00-18:00<\/td><td class=\"column-3\">Bezirksschie\u00dfen<\/td><td class=\"column-4\">Schie\u00dfstand Frielingsdorf<\/td>\n<\/tr>\n<tr class=\"row-13\">\n\t<td class=\"column-1\">19.04.2026<\/td><td class=\"column-2\">10:00<\/td><td class=\"column-3\">Wanderkette<\/td><td class=\"column-4\">Schie\u00dfstand Frielingsdorf<\/td>\n<\/tr>\n<tr class=\"row-14\">\n\t<td class=\"column-1\">25.04.2026<\/td><td class=\"column-2\">16:00<\/td><td class=\"column-3\">Bezirksmajest\u00e4tenschie\u00dfen &amp; Bezirksfest<\/td><td class=\"column-4\">Schie\u00dfstand Frielingsdorf<\/td>\n<\/tr>\n<tr class=\"row-15\">\n\t<td class=\"column-1\"><strong>Mai<\/strong><\/td><td class=\"column-2\"><\/td><td class=\"column-3\"><\/td><td class=\"column-4\"><\/td>\n<\/tr>\n<tr class=\"row-16\">\n\t<td class=\"column-1\">05.05.2026<\/td><td class=\"column-2\">20:00<\/td><td class=\"column-3\">Gesamtvorstandssitzung<\/td><td class=\"column-4\">Frielingsdorf<\/td>\n<\/tr>\n<tr class=\"row-17\">\n\t<td class=\"column-1\">10.05.2026<\/td><td class=\"column-2\">10:00<\/td><td class=\"column-3\">Maiprozession - Klosterberg<\/td><td class=\"column-4\">Wipperf\u00fcrth<\/td>\n<\/tr>\n<tr class=\"row-18\">\n\t<td class=\"column-1\">15.05.2026<\/td><td class=\"column-2\">\u00a0<\/td><td class=\"column-3\">Meldeschluss zum Di\u00f6zesanjungsch\u00fctzenschie\u00dfen<\/td><td class=\"column-4\">\u00a0<\/td>\n<\/tr>\n<tr class=\"row-19\">\n\t<td class=\"column-1\"><\/td><td class=\"column-2\"><\/td><td class=\"column-3\">Bundesk\u00f6niginnentag<\/td><td class=\"column-4\"><\/td>\n<\/tr>\n<tr class=\"row-20\">\n\t<td class=\"column-1\"><strong>Juni<\/strong><\/td><td class=\"column-2\"><\/td><td class=\"column-3\"><\/td><td class=\"column-4\"><\/td>\n<\/tr>\n<tr class=\"row-21\">\n\t<td class=\"column-1\">01.06.2026<\/td><td class=\"column-2\">\u00a0<\/td><td class=\"column-3\">Sch\u00fctzenfest<\/td><td class=\"column-4\">Wipperf\u00fcrth<\/td>\n<\/tr>\n<tr class=\"row-22\">\n\t<td class=\"column-1\">19. - 21.06.2026<\/td><td class=\"column-2\">\u00a0<\/td><td class=\"column-3\">Sch\u00fctzenfest<\/td><td class=\"column-4\">Frielingsdorf<\/td>\n<\/tr>\n<tr class=\"row-23\">\n\t<td class=\"column-1\">21.06.2026<\/td><td class=\"column-2\"><\/td><td class=\"column-3\">Di\u00f6zesanjungsch\u00fctzentag<\/td><td class=\"column-4\">Solingen-Wald<\/td>\n<\/tr>\n<tr class=\"row-24\">\n\t<td class=\"column-1\"><strong>Juli<\/strong><\/td><td class=\"column-2\"><\/td><td class=\"column-3\"><\/td><td class=\"column-4\"><\/td>\n<\/tr>\n<tr class=\"row-25\">\n\t<td class=\"column-1\">03. - 06.07.2026<\/td><td class=\"column-2\">\u00a0<\/td><td class=\"column-3\">Sch\u00fctzenfest <\/td><td class=\"column-4\">Wipperfeld<\/td>\n<\/tr>\n<tr class=\"row-26\">\n\t<td class=\"column-1\">18. - 20.07.2026<\/td><td class=\"column-2\"><\/td><td class=\"column-3\">Sch\u00fctzenfest<\/td><td class=\"column-4\">H\u00e4mmern<\/td>\n<\/tr>\n<tr class=\"row-27\">\n\t<td class=\"column-1\"><strong>August<\/strong><\/td><td class=\"column-2\"><\/td><td class=\"column-3\"><\/td><td class=\"column-4\"><\/td>\n<\/tr>\n<tr class=\"row-28\">\n\t<td class=\"column-1\">07. - 10.08.2026<\/td><td class=\"column-2\">\u00a0<\/td><td class=\"column-3\">Sch\u00fctzenfest<\/td><td class=\"column-4\">Kreuzberg<\/td>\n<\/tr>\n<tr class=\"row-29\">\n\t<td class=\"column-1\">14. - 17.08.2026<\/td><td class=\"column-2\">\u00a0<\/td><td class=\"column-3\">Sch\u00fctzenfest<\/td><td class=\"column-4\">Thier<\/td>\n<\/tr>\n<tr class=\"row-30\">\n\t<td class=\"column-1\"><strong>September<\/strong><\/td><td class=\"column-2\"><\/td><td class=\"column-3\"><\/td><td class=\"column-4\"><\/td>\n<\/tr>\n<tr class=\"row-31\">\n\t<td class=\"column-1\">04. - 07.09.2026<\/td><td class=\"column-2\">\u00a0<\/td><td class=\"column-3\">Sch\u00fctzenfest<\/td><td class=\"column-4\">Agathaberg<\/td>\n<\/tr>\n<tr class=\"row-32\">\n\t<td class=\"column-1\">11. - 13.09.2026<\/td><td class=\"column-2\">\u00a0<\/td><td class=\"column-3\">Bundesfest inkl. Bundesk\u00f6niginnentag<\/td><td class=\"column-4\">Damme<\/td>\n<\/tr>\n<tr class=\"row-33\">\n\t<td class=\"column-1\"><strong>Oktober<\/strong><\/td><td class=\"column-2\"><\/td><td class=\"column-3\"><\/td><td class=\"column-4\"><\/td>\n<\/tr>\n<tr class=\"row-34\">\n\t<td class=\"column-1\">03.10.2026<\/td><td class=\"column-2\">\u00a0<\/td><td class=\"column-3\">Bundesjungsch\u00fctzentag<\/td><td class=\"column-4\">Bedburg (DV K\u00f6ln)<\/td>\n<\/tr>\n<tr class=\"row-35\">\n\t<td class=\"column-1\">04.10.2026<\/td><td class=\"column-2\"><\/td><td class=\"column-3\">Anmeldeschluss 60 Schuss - KK Pokal<\/td><td class=\"column-4\"><\/td>\n<\/tr>\n<tr class=\"row-36\">\n\t<td class=\"column-1\">06.10.2026<\/td><td class=\"column-2\">19:30<\/td><td class=\"column-3\">Gesamtvorstandssitzung<\/td><td class=\"column-4\">Frielingsdorf<\/td>\n<\/tr>\n<tr class=\"row-37\">\n\t<td class=\"column-1\">10.10.2026<\/td><td class=\"column-2\"><\/td><td class=\"column-3\">60 Schuss - KK-Pokal<\/td><td class=\"column-4\">Schie\u00dfstand Agathaberg<\/td>\n<\/tr>\n<\/tbody>\n<\/table>\n<!-- #tablepress-6 from cache -->\r\n\r\n\r\n\r\n\r\n","protected":false},"excerpt":{"rendered":"<p>Termine &nbsp;<\/p>\n<p> <a class=\"continue-reading-link\" href=\"http:\/\/www.bezirksverband-wipperfuerth.de\/?page_id=91\"><span>Continue reading<\/span><i class=\"crycon-right-dir\"><\/i><\/a> <\/p>\n","protected":false},"author":1,"featured_media":0,"parent":0,"menu_order":60,"comment_status":"closed","ping_status":"closed","template":"","meta":{"footnotes":""},"class_list":["post-91","page","type-page","status-publish","hentry"],"_links":{"self":[{"href":"http:\/\/www.bezirksverband-wipperfuerth.de\/index.php?rest_route=\/wp\/v2\/pages\/91","targetHints":{"allow":["GET"]}}],"collection":[{"href":"http:\/\/www.bezirksverband-wipperfuerth.de\/index.php?rest_route=\/wp\/v2\/pages"}],"about":[{"href":"http:\/\/www.bezirksverband-wipperfuerth.de\/index.php?rest_route=\/wp\/v2\/types\/page"}],"author":[{"embeddable":true,"href":"http:\/\/www.bezirksverband-wipperfuerth.de\/index.php?rest_route=\/wp\/v2\/users\/1"}],"replies":[{"embeddable":true,"href":"http:\/\/www.bezirksverband-wipperfuerth.de\/index.php?rest_route=%2Fwp%2Fv2%2Fcomments&post=91"}],"version-history":[{"count":9,"href":"http:\/\/www.bezirksverband-wipperfuerth.de\/index.php?rest_route=\/wp\/v2\/pages\/91\/revisions"}],"predecessor-version":[{"id":264,"href":"http:\/\/www.bezirksverband-wipperfuerth.de\/index.php?rest_route=\/wp\/v2\/pages\/91\/revisions\/264"}],"wp:attachment":[{"href":"http:\/\/www.bezirksverband-wipperfuerth.de\/index.php?rest_route=%2Fwp%2Fv2%2Fmedia&parent=91"}],"curies":[{"name":"wp","href":"https:\/\/api.w.org\/{rel}","templated":true}]}}